{"id":14,"date":"2024-10-25T14:54:44","date_gmt":"2024-10-25T12:54:44","guid":{"rendered":"https:\/\/\u00e9nergiedesf\u00e9es.fr\/?page_id=14"},"modified":"2025-11-24T20:45:20","modified_gmt":"2025-11-24T19:45:20","slug":"reiki","status":"publish","type":"page","link":"https:\/\/energiedesfees.fr\/index.php\/les-seances-energetiques\/reiki\/","title":{"rendered":"Les enseignements"},"content":{"rendered":"\n<div class=\"wp-block-group alignfull has-white-background-color has-background is-layout-constrained wp-block-group-is-layout-constrained\" style=\"padding-top:7rem;padding-bottom:7rem\">\n<div class=\"wp-block-columns is-layout-flex wp-container-core-columns-is-layout-643ced6b wp-block-columns-is-layout-flex\">\n<div class=\"wp-block-column is-layout-flow wp-block-column-is-layout-flow\">\n<div class=\"wp-block-cover aligncenter is-light has-custom-content-position is-position-bottom-center\" style=\"border-radius:20px;padding-top:30px;padding-right:30px;padding-bottom:30px;padding-left:30px;min-height:650px;aspect-ratio:unset;\"><img loading=\"lazy\" decoding=\"async\" width=\"283\" height=\"198\" class=\"wp-block-cover__image-background wp-image-152 size-full\" alt=\"reiki laetitia lantenois GRAY 70100\" src=\"https:\/\/energiedesfees.fr\/wp-content\/uploads\/2025\/08\/seance-reiki-1.webp\" data-object-fit=\"cover\"\/><span aria-hidden=\"true\" class=\"wp-block-cover__background has-background-dim-0 has-background-dim\"><\/span><div class=\"wp-block-cover__inner-container is-layout-constrained wp-container-core-cover-is-layout-edcd9cee wp-block-cover-is-layout-constrained\">\n<div class=\"wp-block-group has-white-background-color has-background is-layout-constrained wp-container-core-group-is-layout-edcd9cee wp-block-group-is-layout-constrained\" style=\"border-radius:10px;padding-top:30px;padding-right:30px;padding-bottom:30px;padding-left:30px\">\n<h2 class=\"wp-block-heading alignwide has-text-align-center\" id=\"we-re-a-studio-in-berlin-with-an-international-practice-in-architecture-urban-planning-and-interior-design-we-believe-in-sharing-knowledge-and-promoting-dialogue-to-increase-the-creative-potential-of-collaboration\" style=\"font-size:clamp(27.894px, 1.743rem + ((1vw - 3.2px) * 1.571), 48px);line-height:1.1\">Reiki<\/h2>\n\n\n\n<p class=\"has-black-color has-text-color has-link-color wp-elements-9af820908949e32a0724575ebfb85e4f\" style=\"font-style:normal;font-weight:500\"><a href=\"https:\/\/energiedesfees.fr\/index.php\/le-reiki\/\">en savoir plus\u2192<\/a><\/p>\n<\/div>\n<\/div><\/div>\n<\/div>\n\n\n\n<div class=\"wp-block-column is-layout-flow wp-block-column-is-layout-flow\">\n<div class=\"wp-block-cover has-custom-content-position is-position-bottom-center\" style=\"border-radius:20px;padding-top:30px;padding-right:30px;padding-bottom:30px;padding-left:30px;min-height:650px;aspect-ratio:unset;\"><img loading=\"lazy\" decoding=\"async\" width=\"716\" height=\"986\" class=\"wp-block-cover__image-background wp-image-153 size-full\" alt=\"soin egyptien \u00e0 gray 70100 en haute saone\" src=\"https:\/\/energiedesfees.fr\/wp-content\/uploads\/2025\/08\/triangle-dor-ISIS-1.jpg\" data-object-fit=\"cover\" srcset=\"https:\/\/energiedesfees.fr\/wp-content\/uploads\/2025\/08\/triangle-dor-ISIS-1.jpg 716w, https:\/\/energiedesfees.fr\/wp-content\/uploads\/2025\/08\/triangle-dor-ISIS-1-218x300.jpg 218w\" sizes=\"auto, (max-width: 716px) 100vw, 716px\" \/><span aria-hidden=\"true\" class=\"wp-block-cover__background has-background-dim-0 has-background-dim\"><\/span><div class=\"wp-block-cover__inner-container is-layout-constrained wp-container-core-cover-is-layout-edcd9cee wp-block-cover-is-layout-constrained\">\n<div class=\"wp-block-group has-white-background-color has-background is-layout-constrained wp-container-core-group-is-layout-edcd9cee wp-block-group-is-layout-constrained\" style=\"border-radius:10px;padding-top:30px;padding-right:30px;padding-bottom:30px;padding-left:30px\">\n<h2 class=\"wp-block-heading alignwide\" id=\"we-re-a-studio-in-berlin-with-an-international-practice-in-architecture-urban-planning-and-interior-design-we-believe-in-sharing-knowledge-and-promoting-dialogue-to-increase-the-creative-potential-of-collaboration\" style=\"font-size:clamp(27.894px, 1.743rem + ((1vw - 3.2px) * 1.571), 48px);line-height:1.1\">Soin Egyptien<\/h2>\n\n\n\n<p class=\"has-black-color has-text-color has-link-color wp-elements-e73f44573258a74a3149b16a2e1d9398\" style=\"font-style:normal;font-weight:500\"><a href=\"https:\/\/energiedesfees.fr\/index.php\/le-triangle-dor-disis\/\"><sub>en savoir plus\u2192<\/sub><\/a><\/p>\n<\/div>\n<\/div><\/div>\n<\/div>\n\n\n\n<div class=\"wp-block-column is-layout-flow wp-block-column-is-layout-flow\">\n<div class=\"wp-block-cover is-light has-custom-content-position is-position-bottom-center\" style=\"border-radius:20px;padding-top:30px;padding-right:30px;padding-bottom:30px;padding-left:30px;min-height:650px;aspect-ratio:unset;\"><img loading=\"lazy\" decoding=\"async\" width=\"1024\" height=\"576\" class=\"wp-block-cover__image-background wp-image-154 size-large\" alt=\"annales akashiques lantenois laetitia cresancey\" src=\"https:\/\/energiedesfees.fr\/wp-content\/uploads\/2025\/08\/annales-akashiques-FORMATION-LANTENOIS-A-GRAY-1-1024x576.png\" data-object-fit=\"cover\" srcset=\"https:\/\/energiedesfees.fr\/wp-content\/uploads\/2025\/08\/annales-akashiques-FORMATION-LANTENOIS-A-GRAY-1-1024x576.png 1024w, https:\/\/energiedesfees.fr\/wp-content\/uploads\/2025\/08\/annales-akashiques-FORMATION-LANTENOIS-A-GRAY-1-300x169.png 300w, https:\/\/energiedesfees.fr\/wp-content\/uploads\/2025\/08\/annales-akashiques-FORMATION-LANTENOIS-A-GRAY-1-768x432.png 768w, https:\/\/energiedesfees.fr\/wp-content\/uploads\/2025\/08\/annales-akashiques-FORMATION-LANTENOIS-A-GRAY-1.png 1280w\" sizes=\"auto, (max-width: 1024px) 100vw, 1024px\" \/><span aria-hidden=\"true\" class=\"wp-block-cover__background has-background-dim-0 has-background-dim\"><\/span><div class=\"wp-block-cover__inner-container is-layout-constrained wp-container-core-cover-is-layout-edcd9cee wp-block-cover-is-layout-constrained\">\n<div class=\"wp-block-group has-white-background-color has-background is-layout-constrained wp-container-core-group-is-layout-edcd9cee wp-block-group-is-layout-constrained\" style=\"border-radius:10px;padding-top:30px;padding-right:30px;padding-bottom:30px;padding-left:30px\">\n<h2 class=\"wp-block-heading alignwide\" id=\"we-re-a-studio-in-berlin-with-an-international-practice-in-architecture-urban-planning-and-interior-design-we-believe-in-sharing-knowledge-and-promoting-dialogue-to-increase-the-creative-potential-of-collaboration\" style=\"font-size:clamp(27.894px, 1.743rem + ((1vw - 3.2px) * 1.571), 48px);line-height:1.1\"><sub>Annales Akashiques<\/sub><\/h2>\n\n\n\n<p class=\"has-black-color has-text-color has-link-color wp-elements-ea65d3b77d7480a6e50c8b0af5c203f0\" style=\"font-style:normal;font-weight:500\"><a href=\"https:\/\/energiedesfees.fr\/index.php\/les-annales-akashiques\/\">en savoir plus\u2192<\/a><\/p>\n<\/div>\n<\/div><\/div>\n<\/div>\n<\/div>\n<\/div>\n\n\n\n<div class=\"wp-block-cover aligncenter\"><img loading=\"lazy\" decoding=\"async\" width=\"283\" height=\"198\" class=\"wp-block-cover__image-background wp-image-121\" alt=\"\" src=\"https:\/\/energiedesfees.fr\/wp-content\/uploads\/2025\/08\/seance-reiki.webp\" data-object-fit=\"cover\"\/><span aria-hidden=\"true\" class=\"wp-block-cover__background has-background-dim\"><\/span><div class=\"wp-block-cover__inner-container is-layout-flow wp-block-cover-is-layout-flow\">\n<p class=\"has-text-align-center has-large-font-size\">REIKI USUI<\/p>\n<\/div><\/div>\n\n\n\n<h2 class=\"wp-block-heading\">Reiki<\/h2>\n\n\n\n<p>Le Reiki est une m\u00e9thode japonaise qui permet de retrouver votre bien \u00eatre par l&rsquo;apposition des mains sur le corps. <\/p>\n\n\n\n<h3 class=\"wp-block-heading\">A quoi sert le Reiki ?<\/h3>\n\n\n\n<p>Le reiki aide les personnes \u00e0 retrouver le sommeil, \u00e0 mieux g\u00e9rer l&rsquo;\u00e9motionnel, \u00e0 se concentrer et le l\u00e2cher prise.<br>Les s\u00e9ances de Reiki permettent de d\u00e9bloquer, nettoyer les surcharges ou stagnations qui entravent le bon fonctionnement de votre syst\u00e8me \u00e9nerg\u00e9tique.<\/p>\n\n\n\n<h3 class=\"wp-block-heading\">A quoi s&rsquo;attendre avec moi pendant une s\u00e9ance de Reiki?<\/h3>\n\n\n\n<p>Lors de notre entretien t\u00e9l\u00e9phonique pour la prise de rendez vous je vous demande votre Nom + Pr\u00e9nom et date de naissance.(cela me permet de travailler en amont avec les guides afin d&rsquo;obtenir les informations dont vous avez besoin) <\/p>\n\n\n\n<p>Le jour J, nous prenons un moment pour \u00e9changer et pour connaitre vos attentes (attention vos attentes ne sont pas forc\u00e9ment ce dont vous avez besoin, ou que vous recevrez. L &lsquo;univers est le seul \u00e0 savoir.) Lors d&rsquo;une s\u00e9ance de Reiki vous \u00eates allong\u00e9 et habiller sur une table de massage couvert par une couverture douillette. J\u2019appose mes mains&nbsp;au-dessus de votre corps et vous avez plus \u00e0 vous d\u00e9tendre au sons de musique douce. A la fin de votre s\u00e9ance nous \u00e9changerons sur vos ressentis et je vous donnerais les messages si il y en a que l&rsquo;on m&rsquo;a transmis ( d\u00e9funt ou guide).<\/p>\n\n\n\n<div class=\"wp-block-group alignfull has-text-color has-background is-layout-flow wp-block-group-is-layout-flow\" style=\"color:#000000;background-color:#ffffff\">\n<p class=\"has-text-align-center has-small-font-size\" style=\"line-height:.9\">Vous avez des questions ? <\/p>\n\n\n\n<p class=\"has-text-align-center has-small-font-size\" style=\"line-height:.9\">Je me ferais une joie de vous r\u00e9pondre lors d&rsquo;un \u00e9change t\u00e9l\u00e9phonique. <\/p>\n\n\n\n<div class=\"wp-block-buttons is-horizontal is-content-justification-center is-layout-flex wp-container-core-buttons-is-layout-03627597 wp-block-buttons-is-layout-flex\">\n<div class=\"wp-block-button has-custom-width wp-block-button__width-50\"><a class=\"wp-block-button__link has-text-color has-background wp-element-button\" href=\"https:\/\/energiedesfees.fr\/index.php\/contact\/\" style=\"border-radius:50px;color:#ffffff;background-color:#000000\">Me contacter<\/a><\/div>\n\n\n\n<div class=\"wp-block-button has-custom-width wp-block-button__width-50\"><a class=\"wp-block-button__link has-text-color has-background wp-element-button\" href=\"https:\/\/energiedesfees.fr\/index.php\/mes-tarifs\/\" style=\"border-radius:50px;color:#ffffff;background-color:#000000\">les tarifs<\/a><\/div>\n<\/div>\n<\/div>\n\n\n\n<h2 class=\"wp-block-heading alignwide\" id=\"we-re-a-studio-in-berlin-with-an-international-practice-in-architecture-urban-planning-and-interior-design-we-believe-in-sharing-knowledge-and-promoting-dialogue-to-increase-the-creative-potential-of-collaboration\" style=\"font-size:clamp(27.894px, 1.743rem + ((1vw - 3.2px) * 1.571), 48px);line-height:1.1\">Enseignements Reiki<\/h2>\n\n\n\n<figure class=\"wp-block-image aligncenter size-full is-resized\"><img loading=\"lazy\" decoding=\"async\" width=\"333\" height=\"221\" src=\"https:\/\/energiedesfees.fr\/wp-content\/uploads\/2025\/09\/mont-kurama-5.webp\" alt=\"\" class=\"wp-image-386\" style=\"width:525px;height:auto\" srcset=\"https:\/\/energiedesfees.fr\/wp-content\/uploads\/2025\/09\/mont-kurama-5.webp 333w, https:\/\/energiedesfees.fr\/wp-content\/uploads\/2025\/09\/mont-kurama-5-300x199.webp 300w\" sizes=\"auto, (max-width: 333px) 100vw, 333px\" \/><\/figure>\n\n\n\n<div class=\"wp-block-columns alignwide is-layout-flex wp-container-core-columns-is-layout-d2da2050 wp-block-columns-is-layout-flex\" style=\"margin-bottom:0\">\n<div class=\"wp-block-column has-text-color has-background has-link-color wp-elements-532fc3e0ac70c86d0454e8ff87b7ddab is-layout-flow wp-block-column-is-layout-flow\" style=\"color:#000000;background-color:#ffe97d;padding-top:2em;padding-right:2em;padding-bottom:2em;padding-left:2em\">\n<h2 class=\"wp-block-heading alignwide has-text-align-center\" id=\"single\" style=\"font-size:clamp(24.034px, 1.502rem + ((1vw - 3.2px) * 1.247), 40px);\">Initiation REIKI<\/h2>\n\n\n\n<p>1er degr\u00e9<\/p>\n\n\n\n<p class=\"has-normal-font-size\" style=\"line-height:1.5\">Au cours de cette belle journ\u00e9e, nous allons \u00e9changer sur :<\/p>\n\n\n\n<hr class=\"wp-block-separator has-text-color has-css-opacity has-background is-style-wide\" style=\"background-color:#000000;color:#000000\"\/>\n\n\n\n<ul class=\"wp-block-list has-normal-font-size\">\n<li>les origines du Reiki<\/li>\n\n\n\n<li>les 5 id\u00e9aux du Reiki<\/li>\n\n\n\n<li>4 initiations<\/li>\n\n\n\n<li>apprendre les gestes pour votre l&rsquo;auto traitement de 21 jours et les positions pour autrui<\/li>\n\n\n\n<li>4 techniques Japonaises<\/li>\n<\/ul>\n<\/div>\n\n\n\n<div class=\"wp-block-column has-text-color has-background has-link-color wp-elements-05f24c86d54f363cd65b4054512f0f12 is-layout-flow wp-block-column-is-layout-flow\" style=\"color:#000000;background-color:#d1d1e1;padding-top:2em;padding-right:2em;padding-bottom:2em;padding-left:2em\">\n<h2 class=\"wp-block-heading\" id=\"family\" style=\"font-size:clamp(24.034px, 1.502rem + ((1vw - 3.2px) * 1.247), 40px);\">Initiation REIKI<\/h2>\n\n\n\n<p class=\"has-normal-font-size\" style=\"line-height:1.5\">                                            <strong>2\u00e8me degr\u00e9.<\/strong><\/p>\n\n\n\n<p>Durant ces 2 jours nous allons :<\/p>\n\n\n\n<hr class=\"wp-block-separator has-css-opacity is-style-wide\"\/>\n\n\n\n<ul class=\"wp-block-list has-normal-font-size\">\n<li>R\u00e9viser le 1er degr\u00e9<\/li>\n\n\n\n<li>R\u00e9viser les Id\u00e9aux<\/li>\n\n\n\n<li>4 Initiations<\/li>\n\n\n\n<li>4 Symboles<\/li>\n\n\n\n<li>Kotodama (son sacr\u00e9)<\/li>\n\n\n\n<li>S\u00e9ance \u00e0 distance<\/li>\n\n\n\n<li>Techniques Japonaises<\/li>\n\n\n\n<li>Auto traitement<\/li>\n\n\n\n<li>Savoir charger et utiliser un Cristal de quartz\u200b<\/li>\n\n\n\n<li>Couper le feu <\/li>\n\n\n\n<li><em>R\u00e9vision obligatoire si vous avez eu un autre ma\u00eetre (30 euros).<\/em> <strong>Vous devez avoir un minimum de 3 mois entre le 1er degr\u00e9 et le 2\u00e8me degr\u00e9<\/strong><\/li>\n<\/ul>\n<\/div>\n\n\n\n<div class=\"wp-block-column has-text-color has-background has-link-color wp-elements-8fae366f7830ebbaff4d2c8e9d64f9e1 is-layout-flow wp-block-column-is-layout-flow\" style=\"color:#000000;background-color:#c0ebf1;padding-top:2em;padding-right:2em;padding-bottom:2em;padding-left:2em\">\n<h2 class=\"wp-block-heading\" id=\"patron\" style=\"font-size:clamp(24.034px, 1.502rem + ((1vw - 3.2px) * 1.247), 40px);\">Initiation REIKI<\/h2>\n\n\n\n<p class=\"has-text-align-left has-normal-font-size\"><strong>   3\u00e8me degr\u00e9.<\/strong><\/p>\n\n\n\n<p>Au cours de cette belle journ\u00e9e nous allons :<\/p>\n\n\n\n<hr class=\"wp-block-separator has-css-opacity is-style-wide\"\/>\n\n\n\n<ul class=\"wp-block-list has-normal-font-size\">\n<li>Initiation au symbole de Ma\u00eetre.<\/li>\n\n\n\n<li>Confection de sa grille de cristaux.<\/li>\n\n\n\n<li>Utilisation des ondes de formes Antakarana<\/li>\n\n\n\n<li>Techniques japonaises<\/li>\n\n\n\n<li>M\u00e9ditation guid\u00e9 \u00e0 la rencontre de son guide Reiki.<\/li>\n\n\n\n<li> <em>R\u00e9vision obligatoire si vous avez eu un autre ma\u00eetre (30 euros)<\/em><\/li>\n\n\n\n<li><strong>Vous devez avoir au minimum 8 mois entre le 2\u00e8me et le 3\u00e8me degr\u00e9.<\/strong><\/li>\n<\/ul>\n<\/div>\n<\/div>\n\n\n\n<div class=\"wp-block-columns is-layout-flex wp-container-core-columns-is-layout-28f84493 wp-block-columns-is-layout-flex\">\n<div class=\"wp-block-column is-layout-flow wp-block-column-is-layout-flow\" style=\"flex-basis:100%\">\n<div class=\"wp-block-group is-layout-constrained wp-block-group-is-layout-constrained\">\n<div class=\"wp-block-columns is-layout-flex wp-container-core-columns-is-layout-28f84493 wp-block-columns-is-layout-flex\">\n<div class=\"wp-block-column is-layout-flow wp-block-column-is-layout-flow\">\n<div class=\"wp-block-group alignfull has-text-color has-background is-layout-flow wp-block-group-is-layout-flow\" style=\"color:#000000;background-color:#ffffff\">\n<p class=\"has-text-align-center has-small-font-size\" style=\"line-height:.9\">Vous avez des questions ? <\/p>\n\n\n\n<p class=\"has-text-align-center has-small-font-size\" style=\"line-height:.9\">Je me ferais une joie de vous r\u00e9pondre lors d&rsquo;un \u00e9change t\u00e9l\u00e9phonique. <\/p>\n\n\n\n<div class=\"wp-block-buttons is-horizontal is-content-justification-center is-layout-flex wp-container-core-buttons-is-layout-03627597 wp-block-buttons-is-layout-flex\">\n<div class=\"wp-block-button has-custom-width wp-block-button__width-50\"><a class=\"wp-block-button__link has-text-color has-background wp-element-button\" href=\"https:\/\/energiedesfees.fr\/index.php\/contact\/\" style=\"border-radius:50px;color:#ffffff;background-color:#000000\">Me contacter<\/a><\/div>\n\n\n\n<div class=\"wp-block-button has-custom-width wp-block-button__width-50\"><a class=\"wp-block-button__link has-text-color has-background wp-element-button\" href=\"https:\/\/energiedesfees.fr\/index.php\/mes-tarifs\/\" style=\"border-radius:50px;color:#ffffff;background-color:#000000\">les tarifs<\/a><\/div>\n<\/div>\n<\/div>\n<\/div>\n<\/div>\n<\/div>\n<\/div>\n<\/div>\n\n\n\n<div class=\"wp-block-cover\" style=\"min-height:496px;aspect-ratio:unset;\"><img loading=\"lazy\" decoding=\"async\" width=\"716\" height=\"986\" class=\"wp-block-cover__image-background wp-image-125\" alt=\"SOIN EGYPTIEN GRAY HAUTE SAONE\" src=\"https:\/\/energiedesfees.fr\/wp-content\/uploads\/2025\/08\/triangle-dor-ISIS.jpg\" data-object-fit=\"cover\" srcset=\"https:\/\/energiedesfees.fr\/wp-content\/uploads\/2025\/08\/triangle-dor-ISIS.jpg 716w, https:\/\/energiedesfees.fr\/wp-content\/uploads\/2025\/08\/triangle-dor-ISIS-218x300.jpg 218w\" sizes=\"auto, (max-width: 716px) 100vw, 716px\" \/><span aria-hidden=\"true\" class=\"wp-block-cover__background has-background-dim\"><\/span><div class=\"wp-block-cover__inner-container is-layout-flow wp-block-cover-is-layout-flow\">\n<p class=\"has-text-align-center has-large-font-size\"> SOIN EGYPTIEN<\/p>\n<\/div><\/div>\n\n\n\n<p> <strong>TRIANGLE D&rsquo;OR ISIS<\/strong><\/p>\n\n\n\n<p>Tu as envie de \ud835\udc25\ud835\udc22\ud835\udc1b\ud835\udc1e\u0301\ud835\udc2b\ud835\udc1e\ud835\udc2b \ud835\udc2d\ud835\udc28\ud835\udc27 \ud835\udc1f\ud835\udc1e\u0301\ud835\udc26\ud835\udc22\ud835\udc27\ud835\udc22\ud835\udc27 \ud835\udc2c\ud835\udc1a\ud835\udc1c\ud835\udc2b<strong>\u00e9<\/strong>?<\/p>\n\n\n\n<p><img decoding=\"async\" src=\"https:\/\/fonts.gstatic.com\/s\/e\/notoemoji\/16.0\/2728\/32.png\" alt=\"\u2728\">Tu ressens un vide int\u00e9rieur et tu cherches \u00e0 te \ud835\udc2b\ud835\udc1e\ud835\udc1c\ud835\udc28\ud835\udc27\ud835\udc27\ud835\udc1e\ud835\udc1c\ud835\udc2d\ud835\udc1e\ud835\udc2b \ud835\udc1a\u0300 \ud835\udc2d\ud835\udc28\ud835\udc27 \ud835\udc1e\ud835\udc2c\ud835\udc2c\ud835\udc1e\ud835\udc27\ud835\udc1c\ud835\udc1e \ud835\udc29\ud835\udc2b\ud835\udc28\ud835\udc1f\ud835\udc28\ud835\udc27\ud835\udc1d\ud835\udc1e ?<\/p>\n\n\n\n<p><img decoding=\"async\" src=\"https:\/\/fonts.gstatic.com\/s\/e\/notoemoji\/16.0\/2728\/32.png\" alt=\"\u2728\">Tu souhaites d\u00e9velopper \ud835\udc2d\ud835\udc1a \ud835\udc1c\ud835\udc28\ud835\udc27\ud835\udc1f\ud835\udc22\ud835\udc1a\ud835\udc27\ud835\udc1c\ud835\udc1e \ud835\udc1e\ud835\udc27 \ud835\udc2d\ud835\udc28\ud835\udc22 et te sentir plus \u00e0 l&rsquo;aise dans ton corps?<\/p>\n\n\n\n<p><img decoding=\"async\" src=\"https:\/\/fonts.gstatic.com\/s\/e\/notoemoji\/16.0\/2728\/32.png\" alt=\"\u2728\">Tu as envie de retrouver ta cr\u00e9ativit\u00e9?<\/p>\n\n\n\n<p>Alors la formation \ud835\udc13\ud835\udc2b\ud835\udc22\ud835\udc1a\ud835\udc27\ud835\udc20\ud835\udc25\ud835\udc1e \ud835\udc1d&rsquo;\ud835\udc28\ud835\udc2b \ud835\udc08\ud835\udc2c\ud835\udc22\ud835\udc2c est fait pour toi !!<\/p>\n\n\n\n<p><strong>Cette formation est r\u00e9serv\u00e9 au praticien \u00e9nerg\u00e9tique car l&rsquo;\u00e9nergie d&rsquo;Isis est tr\u00e8s subtile.<\/strong><\/p>\n\n\n\n<div class=\"wp-block-buttons is-horizontal is-content-justification-center is-layout-flex wp-container-core-buttons-is-layout-03627597 wp-block-buttons-is-layout-flex\">\n<div class=\"wp-block-button has-custom-width wp-block-button__width-50\"><a class=\"wp-block-button__link has-text-color has-background wp-element-button\" href=\"https:\/\/energiedesfees.fr\/index.php\/contact\/\" style=\"border-radius:50px;color:#ffffff;background-color:#000000\">Pr\u00e9voir un rendez vous<\/a><\/div>\n\n\n\n<div class=\"wp-block-button has-custom-width wp-block-button__width-50\"><a class=\"wp-block-button__link has-text-color has-background wp-element-button\" href=\"https:\/\/energiedesfees.fr\/index.php\/mes-tarifs\/\" style=\"border-radius:50px;color:#ffffff;background-color:#000000\">Les tarifs<\/a><\/div>\n<\/div>\n\n\n\n<p><strong>Les vertus de l&rsquo;\u00e9nergie triangle d&rsquo;Or ISIS<\/strong><\/p>\n\n\n\n<p><img decoding=\"async\" alt=\"\ud83c\udf1f\" src=\"https:\/\/fonts.gstatic.com\/s\/e\/notoemoji\/16.0\/1f31f\/32.png\">Activer la circulation \u00e9nerg\u00e9tique dans tous les m\u00e9ridiens et toutes les parties du corps physique et des corps subtils<\/p>\n\n\n\n<p><img decoding=\"async\" alt=\"\ud83c\udf1f\" src=\"https:\/\/fonts.gstatic.com\/s\/e\/notoemoji\/16.0\/1f31f\/32.png\">\u00c9l\u00e8ver le taux vibratoire et le niveau de conscience \u00e0 des dimensions sup\u00e9rieures<\/p>\n\n\n\n<p><img decoding=\"async\" alt=\"\ud83c\udf1f\" src=\"https:\/\/fonts.gstatic.com\/s\/e\/notoemoji\/16.0\/1f31f\/32.png\">Aligner, purifier et consolider l\u2019aura<\/p>\n\n\n\n<p><img decoding=\"async\" alt=\"\ud83c\udf1f\" src=\"https:\/\/fonts.gstatic.com\/s\/e\/notoemoji\/16.0\/1f31f\/32.png\">Harmoniser, \u00e9quilibrer et recharger tous les chakras \u00e0 100%<\/p>\n\n\n\n<p><img decoding=\"async\" alt=\"\ud83c\udf1f\" src=\"https:\/\/fonts.gstatic.com\/s\/e\/notoemoji\/16.0\/1f31f\/32.png\">R\u00e9activer la connexion \u00e0 notre F\u00e9minit\u00e9, notre sexualit\u00e9 sacr\u00e9e, notre D\u00e9esse int\u00e9rieure<\/p>\n\n\n\n<p><img decoding=\"async\" alt=\"\ud83c\udf1f\" src=\"https:\/\/fonts.gstatic.com\/s\/e\/notoemoji\/16.0\/1f31f\/32.png\">Lib\u00e8rer et gu\u00e9rir nos aspects sombres (ce que nous n\u2019aimons pas en nous)<\/p>\n\n\n\n<p><img decoding=\"async\" alt=\"\ud83c\udf1f\" src=\"https:\/\/fonts.gstatic.com\/s\/e\/notoemoji\/16.0\/1f31f\/32.png\">Nettoyer le subconscient pour permettre la mise en place de nouveaux programmes, pens\u00e9es et croyances<\/p>\n\n\n\n<p><img decoding=\"async\" alt=\"\ud83c\udf1f\" src=\"https:\/\/fonts.gstatic.com\/s\/e\/notoemoji\/16.0\/1f31f\/32.png\">Lib\u00e8rer des causes du mal-\u00eatre, des peurs, des angoisses, des croyances erron\u00e9es, des limitations, du manque d\u2019amour et d\u2019affirmation de soi<\/p>\n\n\n\n<p><img decoding=\"async\" alt=\"\ud83c\udf1f\" src=\"https:\/\/fonts.gstatic.com\/s\/e\/notoemoji\/16.0\/1f31f\/32.png\">Augmenter la capacit\u00e9 de discernement et notre intuition<\/p>\n\n\n\n<p><img decoding=\"async\" alt=\"\ud83c\udf1f\" src=\"https:\/\/fonts.gstatic.com\/s\/e\/notoemoji\/16.0\/1f31f\/32.png\">Stimuler la cr\u00e9ativit\u00e9 dans tous les domaines qui nous passionnent<\/p>\n\n\n\n<p><img decoding=\"async\" alt=\"\ud83c\udf1f\" src=\"https:\/\/fonts.gstatic.com\/s\/e\/notoemoji\/16.0\/1f31f\/32.png\">Apaiser le bavardage mental, gu\u00e9rir l\u2019\u00e9motionnel et l\u2019ego<\/p>\n\n\n\n<p><img decoding=\"async\" alt=\"\ud83c\udf1f\" src=\"https:\/\/fonts.gstatic.com\/s\/e\/notoemoji\/16.0\/1f31f\/32.png\">Mener sur le chemin de la ma\u00eetrise de soi<\/p>\n\n\n\n<p><img decoding=\"async\" alt=\"\ud83c\udf1f\" src=\"https:\/\/fonts.gstatic.com\/s\/e\/notoemoji\/16.0\/1f31f\/32.png\">Activer une bulle de protection de Lumi\u00e8re<\/p>\n\n\n\n<p><img decoding=\"async\" alt=\"\ud83c\udf1f\" src=\"https:\/\/fonts.gstatic.com\/s\/e\/notoemoji\/16.0\/1f31f\/32.png\">&nbsp;Canaliser et diriger les \u00e9nergies curatives de fr\u00e9quences tr\u00e8s \u00e9lev\u00e9es pour notre gu\u00e9rison, celle des autres, celle de la Terre<\/p>\n\n\n\n<div class=\"wp-block-group alignfull has-text-color has-background is-layout-flow wp-block-group-is-layout-flow\" style=\"color:#000000;background-color:#ffffff\">\n<p class=\"has-text-align-center has-small-font-size\" style=\"line-height:.9\">Vous avez des questions ? <\/p>\n\n\n\n<p class=\"has-text-align-center has-small-font-size\" style=\"line-height:.9\">Je me ferais une joie de vous r\u00e9pondre lors d&rsquo;un \u00e9change t\u00e9l\u00e9phonique.<\/p>\n<\/div>\n\n\n\n<div class=\"wp-block-buttons is-horizontal is-content-justification-center is-layout-flex wp-container-core-buttons-is-layout-03627597 wp-block-buttons-is-layout-flex\">\n<div class=\"wp-block-button has-custom-width wp-block-button__width-50\"><a class=\"wp-block-button__link has-text-color has-background wp-element-button\" href=\"https:\/\/energiedesfees.fr\/index.php\/contact\/\" style=\"border-radius:50px;color:#ffffff;background-color:#000000\">Contacter moi<\/a><\/div>\n\n\n\n<div class=\"wp-block-button has-custom-width wp-block-button__width-50\"><a class=\"wp-block-button__link has-text-color has-background wp-element-button\" href=\"https:\/\/energiedesfees.fr\/index.php\/mes-tarifs\/\" style=\"border-radius:50px;color:#ffffff;background-color:#000000\">les tarifs<\/a><\/div>\n<\/div>\n\n\n\n<div class=\"wp-block-columns is-layout-flex wp-container-core-columns-is-layout-28f84493 wp-block-columns-is-layout-flex\">\n<div class=\"wp-block-column is-layout-flow wp-block-column-is-layout-flow\" style=\"flex-basis:100%\">\n<div class=\"wp-block-cover\" style=\"min-height:100vh;aspect-ratio:unset;\"><img loading=\"lazy\" decoding=\"async\" width=\"1280\" height=\"720\" class=\"wp-block-cover__image-background wp-image-129\" alt=\"LECTURE D'AME laetitia lantenois\" src=\"https:\/\/energiedesfees.fr\/wp-content\/uploads\/2025\/08\/annales-akashiques-FORMATION-LANTENOIS-A-GRAY.png\" data-object-fit=\"cover\" srcset=\"https:\/\/energiedesfees.fr\/wp-content\/uploads\/2025\/08\/annales-akashiques-FORMATION-LANTENOIS-A-GRAY.png 1280w, https:\/\/energiedesfees.fr\/wp-content\/uploads\/2025\/08\/annales-akashiques-FORMATION-LANTENOIS-A-GRAY-300x169.png 300w, https:\/\/energiedesfees.fr\/wp-content\/uploads\/2025\/08\/annales-akashiques-FORMATION-LANTENOIS-A-GRAY-1024x576.png 1024w, https:\/\/energiedesfees.fr\/wp-content\/uploads\/2025\/08\/annales-akashiques-FORMATION-LANTENOIS-A-GRAY-768x432.png 768w\" sizes=\"auto, (max-width: 1280px) 100vw, 1280px\" \/><span aria-hidden=\"true\" class=\"wp-block-cover__background has-background-dim\"><\/span><div class=\"wp-block-cover__inner-container is-layout-flow wp-block-cover-is-layout-flow\">\n<p class=\"has-text-align-center has-large-font-size\"><strong>Annales Akashiques<\/strong><\/p>\n<\/div><\/div>\n<\/div>\n<\/div>\n\n\n\n<p>Nos incarnations pr\u00e9c\u00e9dentes laissent des marques sur notre \u00e2me, et ces marques peuvent laisser en place des blocages \u00e9nerg\u00e9tiques dans notre vie actuelle.<\/p>\n\n\n\n<p>En travaillant sur nos vies ant\u00e9rieures, on peut venir \u00e0 bout de probl\u00e8mes persistants dans le pr\u00e9sent et ainsi \u00e9voluer vers une meilleure version de nous-m\u00eame &#8230;<\/p>\n\n\n\n<p>Entrer dans le monde Akashiques est une d\u00e9marche sacr\u00e9e.<\/p>\n\n\n\n<p>Avoir acc\u00e8s \u00e0 nos vies ant\u00e9rieures n\u2019a de sens que si notre intention est de comprendre de quelle fa\u00e7on nos actes dans le pass\u00e9 impactent notre pr\u00e9sent.<\/p>\n\n\n\n<p>&nbsp;Il ne s\u2019agit en aucun cas de chercher des informations dont le but serait de nourrir notre \u00e9go. Lib\u00e9rer, transcender et aller vers le Pardon et la compassion doivent \u00eatre notre unique motivation.<\/p>\n\n\n\n<div class=\"wp-block-group alignfull has-text-color has-background is-layout-flow wp-block-group-is-layout-flow\" style=\"color:#000000;background-color:#ffffff\">\n<p class=\"has-text-align-center has-small-font-size\" style=\"line-height:.9\">Vous avez des questions ? <\/p>\n\n\n\n<p class=\"has-text-align-center has-small-font-size\" style=\"line-height:.9\">Je me ferais une joie de vous r\u00e9pondre lors d&rsquo;un \u00e9change t\u00e9l\u00e9phonique.<\/p>\n\n\n\n<div class=\"wp-block-buttons is-horizontal is-content-justification-center is-layout-flex wp-container-core-buttons-is-layout-03627597 wp-block-buttons-is-layout-flex\">\n<div class=\"wp-block-button has-custom-width wp-block-button__width-50\"><a class=\"wp-block-button__link has-text-color has-background wp-element-button\" href=\"https:\/\/energiedesfees.fr\/index.php\/contact\/\" style=\"border-radius:50px;color:#ffffff;background-color:#000000\">Contacter moi<\/a><\/div>\n\n\n\n<div class=\"wp-block-button has-custom-width wp-block-button__width-50\"><a class=\"wp-block-button__link has-text-color has-background wp-element-button\" href=\"https:\/\/energiedesfees.fr\/index.php\/mes-tarifs\/\" style=\"border-radius:50px;color:#ffffff;background-color:#000000\">les tarifs<\/a><\/div>\n<\/div>\n<\/div>\n\n\n\n<div class=\"wp-block-group alignfull has-contrast-color has-text-color is-vertical is-content-justification-center is-layout-flex wp-container-core-group-is-layout-f306f087 wp-block-group-is-layout-flex\" style=\"min-height:40vh;margin-top:0;margin-bottom:0;padding-top:var(--wp--preset--spacing--60);padding-right:var(--wp--preset--spacing--50);padding-bottom:var(--wp--preset--spacing--60);padding-left:var(--wp--preset--spacing--50)\">\n<div class=\"wp-block-group alignfull is-content-justification-space-between is-layout-flex wp-container-core-group-is-layout-83af0991 wp-block-group-is-layout-flex\" style=\"margin-top:0;margin-bottom:0;padding-top:var(--wp--preset--spacing--50);padding-right:var(--wp--preset--spacing--30);padding-bottom:var(--wp--preset--spacing--50);padding-left:var(--wp--preset--spacing--30)\"><h2 class=\"wp-block-site-title has-medium-font-size\"><a href=\"https:\/\/energiedesfees.fr\" target=\"_self\" rel=\"home\">                                                                    Energie des f\u00e9es by  Laetitia lantenois<\/a><\/h2><\/div>\n\n\n\n<figure class=\"wp-block-image size-large\"><img loading=\"lazy\" decoding=\"async\" width=\"1024\" height=\"576\" src=\"https:\/\/energiedesfees.fr\/wp-content\/uploads\/2025\/09\/bas-de-page-lantenois-laetitia-feng-shui-haute-saone-1024x576.png\" alt=\"\" class=\"wp-image-435\" srcset=\"https:\/\/energiedesfees.fr\/wp-content\/uploads\/2025\/09\/bas-de-page-lantenois-laetitia-feng-shui-haute-saone-1024x576.png 1024w, https:\/\/energiedesfees.fr\/wp-content\/uploads\/2025\/09\/bas-de-page-lantenois-laetitia-feng-shui-haute-saone-300x169.png 300w, https:\/\/energiedesfees.fr\/wp-content\/uploads\/2025\/09\/bas-de-page-lantenois-laetitia-feng-shui-haute-saone-768x432.png 768w, https:\/\/energiedesfees.fr\/wp-content\/uploads\/2025\/09\/bas-de-page-lantenois-laetitia-feng-shui-haute-saone.png 1366w\" sizes=\"auto, (max-width: 1024px) 100vw, 1024px\" \/><\/figure>\n\n\n\n<div class=\"wp-block-group alignfull is-content-justification-space-between is-layout-flex wp-container-core-group-is-layout-83af0991 wp-block-group-is-layout-flex\" style=\"margin-top:0;margin-bottom:0;padding-top:var(--wp--preset--spacing--50);padding-right:var(--wp--preset--spacing--30);padding-bottom:var(--wp--preset--spacing--50);padding-left:var(--wp--preset--spacing--30)\">\n<p class=\"has-text-align-left\">9 chemin d&rsquo;\u00e9chevanne&nbsp;<br>70100 Cresancey<br>Haute Sa\u00f4ne \u00e0 5 min  de Gray<\/p>\n\n\n\n<p class=\"has-text-align-left has-small-font-size\"><\/p>\n\n\n\n<div style=\"height:0px\" aria-hidden=\"true\" class=\"wp-block-spacer wp-container-content-541a6b20\"><\/div>\n<\/div>\n\n\n\n<p class=\"has-text-align-center has-medium-font-size\">Proudly powered by <a href=\"https:\/\/wordpress.org\">WordPress<\/a><\/p>\n\n\n\n<ul class=\"wp-block-social-links has-normal-icon-size is-style-logos-only is-nowrap is-layout-flex wp-container-core-social-links-is-layout-65900438 wp-block-social-links-is-layout-flex\"><li class=\"wp-social-link wp-social-link-facebook  wp-block-social-link\"><a href=\"#\" class=\"wp-block-social-link-anchor\"><svg width=\"24\" height=\"24\" viewBox=\"0 0 24 24\" version=\"1.1\" xmlns=\"http:\/\/www.w3.org\/2000\/svg\" aria-hidden=\"true\" focusable=\"false\"><path d=\"M12 2C6.5 2 2 6.5 2 12c0 5 3.7 9.1 8.4 9.9v-7H7.9V12h2.5V9.8c0-2.5 1.5-3.9 3.8-3.9 1.1 0 2.2.2 2.2.2v2.5h-1.3c-1.2 0-1.6.8-1.6 1.6V12h2.8l-.4 2.9h-2.3v7C18.3 21.1 22 17 22 12c0-5.5-4.5-10-10-10z\"><\/path><\/svg><span class=\"wp-block-social-link-label screen-reader-text\">Facebook<\/span><\/a><\/li>\n\n<li class=\"wp-social-link wp-social-link-twitter  wp-block-social-link\"><a href=\"#\" class=\"wp-block-social-link-anchor\"><svg width=\"24\" height=\"24\" viewBox=\"0 0 24 24\" version=\"1.1\" xmlns=\"http:\/\/www.w3.org\/2000\/svg\" aria-hidden=\"true\" focusable=\"false\"><path d=\"M22.23,5.924c-0.736,0.326-1.527,0.547-2.357,0.646c0.847-0.508,1.498-1.312,1.804-2.27 c-0.793,0.47-1.671,0.812-2.606,0.996C18.324,4.498,17.257,4,16.077,4c-2.266,0-4.103,1.837-4.103,4.103 c0,0.322,0.036,0.635,0.106,0.935C8.67,8.867,5.647,7.234,3.623,4.751C3.27,5.357,3.067,6.062,3.067,6.814 c0,1.424,0.724,2.679,1.825,3.415c-0.673-0.021-1.305-0.206-1.859-0.513c0,0.017,0,0.034,0,0.052c0,1.988,1.414,3.647,3.292,4.023 c-0.344,0.094-0.707,0.144-1.081,0.144c-0.264,0-0.521-0.026-0.772-0.074c0.522,1.63,2.038,2.816,3.833,2.85 c-1.404,1.1-3.174,1.756-5.096,1.756c-0.331,0-0.658-0.019-0.979-0.057c1.816,1.164,3.973,1.843,6.29,1.843 c7.547,0,11.675-6.252,11.675-11.675c0-0.178-0.004-0.355-0.012-0.531C20.985,7.47,21.68,6.747,22.23,5.924z\"><\/path><\/svg><span class=\"wp-block-social-link-label screen-reader-text\">Twitter<\/span><\/a><\/li>\n\n<li class=\"wp-social-link wp-social-link-wordpress  wp-block-social-link\"><a href=\"#\" class=\"wp-block-social-link-anchor\"><svg width=\"24\" height=\"24\" viewBox=\"0 0 24 24\" version=\"1.1\" xmlns=\"http:\/\/www.w3.org\/2000\/svg\" aria-hidden=\"true\" focusable=\"false\"><path d=\"M12.158,12.786L9.46,20.625c0.806,0.237,1.657,0.366,2.54,0.366c1.047,0,2.051-0.181,2.986-0.51 c-0.024-0.038-0.046-0.079-0.065-0.124L12.158,12.786z M3.009,12c0,3.559,2.068,6.634,5.067,8.092L3.788,8.341 C3.289,9.459,3.009,10.696,3.009,12z M18.069,11.546c0-1.112-0.399-1.881-0.741-2.48c-0.456-0.741-0.883-1.368-0.883-2.109 c0-0.826,0.627-1.596,1.51-1.596c0.04,0,0.078,0.005,0.116,0.007C16.472,3.904,14.34,3.009,12,3.009 c-3.141,0-5.904,1.612-7.512,4.052c0.211,0.007,0.41,0.011,0.579,0.011c0.94,0,2.396-0.114,2.396-0.114 C7.947,6.93,8.004,7.642,7.52,7.699c0,0-0.487,0.057-1.029,0.085l3.274,9.739l1.968-5.901l-1.401-3.838 C9.848,7.756,9.389,7.699,9.389,7.699C8.904,7.67,8.961,6.93,9.446,6.958c0,0,1.484,0.114,2.368,0.114 c0.94,0,2.397-0.114,2.397-0.114c0.485-0.028,0.542,0.684,0.057,0.741c0,0-0.488,0.057-1.029,0.085l3.249,9.665l0.897-2.996 C17.841,13.284,18.069,12.316,18.069,11.546z M19.889,7.686c0.039,0.286,0.06,0.593,0.06,0.924c0,0.912-0.171,1.938-0.684,3.22 l-2.746,7.94c2.673-1.558,4.47-4.454,4.47-7.771C20.991,10.436,20.591,8.967,19.889,7.686z M12,22C6.486,22,2,17.514,2,12 C2,6.486,6.486,2,12,2c5.514,0,10,4.486,10,10C22,17.514,17.514,22,12,22z\"><\/path><\/svg><span class=\"wp-block-social-link-label screen-reader-text\">WordPress<\/span><\/a><\/li><\/ul>\n\n\n\n<div class=\"wp-block-group is-layout-grid wp-container-core-group-is-layout-478b6e6b wp-block-group-is-layout-grid\"><\/div>\n<\/div>\n\n\n\n<p><\/p>\n","protected":false},"excerpt":{"rendered":"<p>Reiki Le Reiki est une m\u00e9thode japonaise qui permet de retrouver votre bien \u00eatre par l&rsquo;apposition des mains sur le corps. A quoi sert le Reiki ? Le reiki aide les personnes \u00e0 retrouver le sommeil, \u00e0 mieux g\u00e9rer l&rsquo;\u00e9motionnel, \u00e0 se concentrer et le l\u00e2cher prise.Les s\u00e9ances de Reiki permettent de d\u00e9bloquer, nettoyer les [&hellip;]<\/p>\n","protected":false},"author":1,"featured_media":0,"parent":150,"menu_order":0,"comment_status":"closed","ping_status":"closed","template":"","meta":{"footnotes":""},"class_list":["post-14","page","type-page","status-publish","hentry"],"blocksy_meta":[],"yoast_head":"<!-- This site is optimized with the Yoast SEO plugin v27.5 - https:\/\/yoast.com\/product\/yoast-seo-wordpress\/ -->\n<title>Les enseignements - Energie des f\u00e9es by Laetitia lantenois<\/title>\n<meta name=\"description\" content=\"Laetitia Lantenois, \u00e9nerg\u00e9ticienne g\u00e9obiologue et consultante Feng Shui, REIKI Usui en Bourgogne Franche-Comt\u00e9 et Haute-Marne. Harmonisation \u00e9nerg\u00e9tique des lieux et accompagnement holistique.\" \/>\n<meta name=\"robots\" content=\"index, follow, max-snippet:-1, max-image-preview:large, max-video-preview:-1\" \/>\n<link rel=\"canonical\" href=\"https:\/\/energiedesfees.fr\/index.php\/les-seances-energetiques\/reiki\/\" \/>\n<meta property=\"og:locale\" content=\"fr_FR\" \/>\n<meta property=\"og:type\" content=\"article\" \/>\n<meta property=\"og:title\" content=\"Les enseignements - Energie des f\u00e9es by Laetitia lantenois\" \/>\n<meta property=\"og:description\" content=\"Laetitia Lantenois, \u00e9nerg\u00e9ticienne g\u00e9obiologue et consultante Feng Shui, REIKI Usui en Bourgogne Franche-Comt\u00e9 et Haute-Marne. Harmonisation \u00e9nerg\u00e9tique des lieux et accompagnement holistique.\" \/>\n<meta property=\"og:url\" content=\"https:\/\/energiedesfees.fr\/index.php\/les-seances-energetiques\/reiki\/\" \/>\n<meta property=\"og:site_name\" content=\"Energie des f\u00e9es by Laetitia lantenois\" \/>\n<meta property=\"article:publisher\" content=\"https:\/\/www.facebook.com\/profile.php?id=100083468225872\" \/>\n<meta property=\"article:modified_time\" content=\"2025-11-24T19:45:20+00:00\" \/>\n<meta property=\"og:image\" content=\"https:\/\/energiedesfees.fr\/wp-content\/uploads\/2025\/08\/seance-reiki-1.webp\" \/>\n\t<meta property=\"og:image:width\" content=\"283\" \/>\n\t<meta property=\"og:image:height\" content=\"198\" \/>\n\t<meta property=\"og:image:type\" content=\"image\/webp\" \/>\n<meta name=\"twitter:card\" content=\"summary_large_image\" \/>\n<meta name=\"twitter:label1\" content=\"Dur\u00e9e de lecture estim\u00e9e\" \/>\n\t<meta name=\"twitter:data1\" content=\"19 minutes\" \/>\n<script type=\"application\/ld+json\" class=\"yoast-schema-graph\">{\"@context\":\"https:\\\/\\\/schema.org\",\"@graph\":[{\"@type\":\"WebPage\",\"@id\":\"https:\\\/\\\/energiedesfees.fr\\\/index.php\\\/les-seances-energetiques\\\/reiki\\\/\",\"url\":\"https:\\\/\\\/energiedesfees.fr\\\/index.php\\\/les-seances-energetiques\\\/reiki\\\/\",\"name\":\"Les enseignements - Energie des f\u00e9es by Laetitia lantenois\",\"isPartOf\":{\"@id\":\"https:\\\/\\\/energiedesfees.fr\\\/#website\"},\"primaryImageOfPage\":{\"@id\":\"https:\\\/\\\/energiedesfees.fr\\\/index.php\\\/les-seances-energetiques\\\/reiki\\\/#primaryimage\"},\"image\":{\"@id\":\"https:\\\/\\\/energiedesfees.fr\\\/index.php\\\/les-seances-energetiques\\\/reiki\\\/#primaryimage\"},\"thumbnailUrl\":\"https:\\\/\\\/energiedesfees.fr\\\/wp-content\\\/uploads\\\/2025\\\/08\\\/seance-reiki-1.webp\",\"datePublished\":\"2024-10-25T12:54:44+00:00\",\"dateModified\":\"2025-11-24T19:45:20+00:00\",\"description\":\"Laetitia Lantenois, \u00e9nerg\u00e9ticienne g\u00e9obiologue et consultante Feng Shui, REIKI Usui en Bourgogne Franche-Comt\u00e9 et Haute-Marne. Harmonisation \u00e9nerg\u00e9tique des lieux et accompagnement holistique.\",\"breadcrumb\":{\"@id\":\"https:\\\/\\\/energiedesfees.fr\\\/index.php\\\/les-seances-energetiques\\\/reiki\\\/#breadcrumb\"},\"inLanguage\":\"fr-FR\",\"potentialAction\":[{\"@type\":\"ReadAction\",\"target\":[\"https:\\\/\\\/energiedesfees.fr\\\/index.php\\\/les-seances-energetiques\\\/reiki\\\/\"]}]},{\"@type\":\"ImageObject\",\"inLanguage\":\"fr-FR\",\"@id\":\"https:\\\/\\\/energiedesfees.fr\\\/index.php\\\/les-seances-energetiques\\\/reiki\\\/#primaryimage\",\"url\":\"https:\\\/\\\/energiedesfees.fr\\\/wp-content\\\/uploads\\\/2025\\\/08\\\/seance-reiki-1.webp\",\"contentUrl\":\"https:\\\/\\\/energiedesfees.fr\\\/wp-content\\\/uploads\\\/2025\\\/08\\\/seance-reiki-1.webp\",\"width\":283,\"height\":198,\"caption\":\"reiki laetitia lantenois GRAY 70100\"},{\"@type\":\"BreadcrumbList\",\"@id\":\"https:\\\/\\\/energiedesfees.fr\\\/index.php\\\/les-seances-energetiques\\\/reiki\\\/#breadcrumb\",\"itemListElement\":[{\"@type\":\"ListItem\",\"position\":1,\"name\":\"Accueil\",\"item\":\"https:\\\/\\\/energiedesfees.fr\\\/\"},{\"@type\":\"ListItem\",\"position\":2,\"name\":\"S\u00e9ances \u00e9nerg\u00e9tiques\",\"item\":\"https:\\\/\\\/energiedesfees.fr\\\/index.php\\\/les-seances-energetiques\\\/\"},{\"@type\":\"ListItem\",\"position\":3,\"name\":\"Les enseignements\"}]},{\"@type\":\"WebSite\",\"@id\":\"https:\\\/\\\/energiedesfees.fr\\\/#website\",\"url\":\"https:\\\/\\\/energiedesfees.fr\\\/\",\"name\":\"Energie des f\u00e9es by Laetitia lantenois\",\"description\":\"Artisan de lumi\u00e8re et cr\u00e9atrice de bonheur\",\"publisher\":{\"@id\":\"https:\\\/\\\/energiedesfees.fr\\\/#organization\"},\"potentialAction\":[{\"@type\":\"SearchAction\",\"target\":{\"@type\":\"EntryPoint\",\"urlTemplate\":\"https:\\\/\\\/energiedesfees.fr\\\/?s={search_term_string}\"},\"query-input\":{\"@type\":\"PropertyValueSpecification\",\"valueRequired\":true,\"valueName\":\"search_term_string\"}}],\"inLanguage\":\"fr-FR\"},{\"@type\":\"Organization\",\"@id\":\"https:\\\/\\\/energiedesfees.fr\\\/#organization\",\"name\":\"Energie des f\u00e9es by Laetitia lantenois\",\"url\":\"https:\\\/\\\/energiedesfees.fr\\\/\",\"logo\":{\"@type\":\"ImageObject\",\"inLanguage\":\"fr-FR\",\"@id\":\"https:\\\/\\\/energiedesfees.fr\\\/#\\\/schema\\\/logo\\\/image\\\/\",\"url\":\"https:\\\/\\\/energiedesfees.fr\\\/wp-content\\\/uploads\\\/2025\\\/09\\\/Je-vous-accueille-du-mercredi-au-dimanche-de-9h00-a-18h00-2.png\",\"contentUrl\":\"https:\\\/\\\/energiedesfees.fr\\\/wp-content\\\/uploads\\\/2025\\\/09\\\/Je-vous-accueille-du-mercredi-au-dimanche-de-9h00-a-18h00-2.png\",\"width\":1366,\"height\":768,\"caption\":\"                                                                    Energie des f\u00e9es by  Laetitia lantenois\"},\"image\":{\"@id\":\"https:\\\/\\\/energiedesfees.fr\\\/#\\\/schema\\\/logo\\\/image\\\/\"},\"sameAs\":[\"https:\\\/\\\/www.facebook.com\\\/profile.php?id=100083468225872\"]}]}<\/script>\n<!-- \/ Yoast SEO plugin. -->","yoast_head_json":{"title":"Les enseignements - Energie des f\u00e9es by Laetitia lantenois","description":"Laetitia Lantenois, \u00e9nerg\u00e9ticienne g\u00e9obiologue et consultante Feng Shui, REIKI Usui en Bourgogne Franche-Comt\u00e9 et Haute-Marne. Harmonisation \u00e9nerg\u00e9tique des lieux et accompagnement holistique.","robots":{"index":"index","follow":"follow","max-snippet":"max-snippet:-1","max-image-preview":"max-image-preview:large","max-video-preview":"max-video-preview:-1"},"canonical":"https:\/\/energiedesfees.fr\/index.php\/les-seances-energetiques\/reiki\/","og_locale":"fr_FR","og_type":"article","og_title":"Les enseignements - Energie des f\u00e9es by Laetitia lantenois","og_description":"Laetitia Lantenois, \u00e9nerg\u00e9ticienne g\u00e9obiologue et consultante Feng Shui, REIKI Usui en Bourgogne Franche-Comt\u00e9 et Haute-Marne. Harmonisation \u00e9nerg\u00e9tique des lieux et accompagnement holistique.","og_url":"https:\/\/energiedesfees.fr\/index.php\/les-seances-energetiques\/reiki\/","og_site_name":"Energie des f\u00e9es by Laetitia lantenois","article_publisher":"https:\/\/www.facebook.com\/profile.php?id=100083468225872","article_modified_time":"2025-11-24T19:45:20+00:00","og_image":[{"width":283,"height":198,"url":"https:\/\/energiedesfees.fr\/wp-content\/uploads\/2025\/08\/seance-reiki-1.webp","type":"image\/webp"}],"twitter_card":"summary_large_image","twitter_misc":{"Dur\u00e9e de lecture estim\u00e9e":"19 minutes"},"schema":{"@context":"https:\/\/schema.org","@graph":[{"@type":"WebPage","@id":"https:\/\/energiedesfees.fr\/index.php\/les-seances-energetiques\/reiki\/","url":"https:\/\/energiedesfees.fr\/index.php\/les-seances-energetiques\/reiki\/","name":"Les enseignements - Energie des f\u00e9es by Laetitia lantenois","isPartOf":{"@id":"https:\/\/energiedesfees.fr\/#website"},"primaryImageOfPage":{"@id":"https:\/\/energiedesfees.fr\/index.php\/les-seances-energetiques\/reiki\/#primaryimage"},"image":{"@id":"https:\/\/energiedesfees.fr\/index.php\/les-seances-energetiques\/reiki\/#primaryimage"},"thumbnailUrl":"https:\/\/energiedesfees.fr\/wp-content\/uploads\/2025\/08\/seance-reiki-1.webp","datePublished":"2024-10-25T12:54:44+00:00","dateModified":"2025-11-24T19:45:20+00:00","description":"Laetitia Lantenois, \u00e9nerg\u00e9ticienne g\u00e9obiologue et consultante Feng Shui, REIKI Usui en Bourgogne Franche-Comt\u00e9 et Haute-Marne. Harmonisation \u00e9nerg\u00e9tique des lieux et accompagnement holistique.","breadcrumb":{"@id":"https:\/\/energiedesfees.fr\/index.php\/les-seances-energetiques\/reiki\/#breadcrumb"},"inLanguage":"fr-FR","potentialAction":[{"@type":"ReadAction","target":["https:\/\/energiedesfees.fr\/index.php\/les-seances-energetiques\/reiki\/"]}]},{"@type":"ImageObject","inLanguage":"fr-FR","@id":"https:\/\/energiedesfees.fr\/index.php\/les-seances-energetiques\/reiki\/#primaryimage","url":"https:\/\/energiedesfees.fr\/wp-content\/uploads\/2025\/08\/seance-reiki-1.webp","contentUrl":"https:\/\/energiedesfees.fr\/wp-content\/uploads\/2025\/08\/seance-reiki-1.webp","width":283,"height":198,"caption":"reiki laetitia lantenois GRAY 70100"},{"@type":"BreadcrumbList","@id":"https:\/\/energiedesfees.fr\/index.php\/les-seances-energetiques\/reiki\/#breadcrumb","itemListElement":[{"@type":"ListItem","position":1,"name":"Accueil","item":"https:\/\/energiedesfees.fr\/"},{"@type":"ListItem","position":2,"name":"S\u00e9ances \u00e9nerg\u00e9tiques","item":"https:\/\/energiedesfees.fr\/index.php\/les-seances-energetiques\/"},{"@type":"ListItem","position":3,"name":"Les enseignements"}]},{"@type":"WebSite","@id":"https:\/\/energiedesfees.fr\/#website","url":"https:\/\/energiedesfees.fr\/","name":"Energie des f\u00e9es by Laetitia lantenois","description":"Artisan de lumi\u00e8re et cr\u00e9atrice de bonheur","publisher":{"@id":"https:\/\/energiedesfees.fr\/#organization"},"potentialAction":[{"@type":"SearchAction","target":{"@type":"EntryPoint","urlTemplate":"https:\/\/energiedesfees.fr\/?s={search_term_string}"},"query-input":{"@type":"PropertyValueSpecification","valueRequired":true,"valueName":"search_term_string"}}],"inLanguage":"fr-FR"},{"@type":"Organization","@id":"https:\/\/energiedesfees.fr\/#organization","name":"Energie des f\u00e9es by Laetitia lantenois","url":"https:\/\/energiedesfees.fr\/","logo":{"@type":"ImageObject","inLanguage":"fr-FR","@id":"https:\/\/energiedesfees.fr\/#\/schema\/logo\/image\/","url":"https:\/\/energiedesfees.fr\/wp-content\/uploads\/2025\/09\/Je-vous-accueille-du-mercredi-au-dimanche-de-9h00-a-18h00-2.png","contentUrl":"https:\/\/energiedesfees.fr\/wp-content\/uploads\/2025\/09\/Je-vous-accueille-du-mercredi-au-dimanche-de-9h00-a-18h00-2.png","width":1366,"height":768,"caption":"                                                                    Energie des f\u00e9es by  Laetitia lantenois"},"image":{"@id":"https:\/\/energiedesfees.fr\/#\/schema\/logo\/image\/"},"sameAs":["https:\/\/www.facebook.com\/profile.php?id=100083468225872"]}]}},"_links":{"self":[{"href":"https:\/\/energiedesfees.fr\/index.php\/wp-json\/wp\/v2\/pages\/14","targetHints":{"allow":["GET"]}}],"collection":[{"href":"https:\/\/energiedesfees.fr\/index.php\/wp-json\/wp\/v2\/pages"}],"about":[{"href":"https:\/\/energiedesfees.fr\/index.php\/wp-json\/wp\/v2\/types\/page"}],"author":[{"embeddable":true,"href":"https:\/\/energiedesfees.fr\/index.php\/wp-json\/wp\/v2\/users\/1"}],"replies":[{"embeddable":true,"href":"https:\/\/energiedesfees.fr\/index.php\/wp-json\/wp\/v2\/comments?post=14"}],"version-history":[{"count":53,"href":"https:\/\/energiedesfees.fr\/index.php\/wp-json\/wp\/v2\/pages\/14\/revisions"}],"predecessor-version":[{"id":553,"href":"https:\/\/energiedesfees.fr\/index.php\/wp-json\/wp\/v2\/pages\/14\/revisions\/553"}],"up":[{"embeddable":true,"href":"https:\/\/energiedesfees.fr\/index.php\/wp-json\/wp\/v2\/pages\/150"}],"wp:attachment":[{"href":"https:\/\/energiedesfees.fr\/index.php\/wp-json\/wp\/v2\/media?parent=14"}],"curies":[{"name":"wp","href":"https:\/\/api.w.org\/{rel}","templated":true}]}}